{"version":"1.0","provider_name":"R\u00e9seau des SADC et CAE","provider_url":"https:\/\/www.sadc-cae.ca\/fr\/","author_name":"Mireille Thibault","author_url":"https:\/\/www.sadc-cae.ca\/fr\/author\/cae_montmagny\/","title":"R\u00e9seau des SADC et CAE - Destination manufacturi\u00e8re 2026 : un salon, un territoire, une fiert\u00e9. Plus de 400 jeunes attendus \u00e0 Saint-Paul-de-Montminy pour explorer les m\u00e9tiers d\u2019ici","type":"rich","width":600,"height":338,"html":"<blockquote class=\"wp-embedded-content\" data-secret=\"ioBKr7ynlQ\"><a href=\"https:\/\/www.sadc-cae.ca\/fr\/destination-manufacturiere-2026\/\">Destination manufacturi\u00e8re 2026 : un salon, un territoire, une fiert\u00e9. Plus de 400 jeunes attendus \u00e0 Saint-Paul-de-Montminy pour explorer les m\u00e9tiers d\u2019ici<\/a><\/blockquote><iframe sandbox=\"allow-scripts\" security=\"restricted\" src=\"https:\/\/www.sadc-cae.ca\/fr\/destination-manufacturiere-2026\/embed\/#?secret=ioBKr7ynlQ\" width=\"600\" height=\"338\" title=\"\u00ab\u00a0Destination manufacturi\u00e8re 2026 : un salon, un territoire, une fiert\u00e9. Plus de 400 jeunes attendus \u00e0 Saint-Paul-de-Montminy pour explorer les m\u00e9tiers d\u2019ici\u00a0\u00bb &#8212; R\u00e9seau des SADC et CAE\" data-secret=\"ioBKr7ynlQ\" frameborder=\"0\" marginwidth=\"0\" marginheight=\"0\" scrolling=\"no\" class=\"wp-embedded-content\"><\/iframe><script>\n\/*! This file is auto-generated *\/\n!function(d,l){\"use strict\";l.querySelector&&d.addEventListener&&\"undefined\"!=typeof URL&&(d.wp=d.wp||{},d.wp.receiveEmbedMessage||(d.wp.receiveEmbedMessage=function(e){var t=e.data;if((t||t.secret||t.message||t.value)&&!\/[^a-zA-Z0-9]\/.test(t.secret)){for(var s,r,n,a=l.querySelectorAll('iframe[data-secret=\"'+t.secret+'\"]'),o=l.querySelectorAll('blockquote[data-secret=\"'+t.secret+'\"]'),c=new RegExp(\"^https?:$\",\"i\"),i=0;i<o.length;i++)o[i].style.display=\"none\";for(i=0;i<a.length;i++)s=a[i],e.source===s.contentWindow&&(s.removeAttribute(\"style\"),\"height\"===t.message?(1e3<(r=parseInt(t.value,10))?r=1e3:~~r<200&&(r=200),s.height=r):\"link\"===t.message&&(r=new URL(s.getAttribute(\"src\")),n=new URL(t.value),c.test(n.protocol))&&n.host===r.host&&l.activeElement===s&&(d.top.location.href=t.value))}},d.addEventListener(\"message\",d.wp.receiveEmbedMessage,!1),l.addEventListener(\"DOMContentLoaded\",function(){for(var e,t,s=l.querySelectorAll(\"iframe.wp-embedded-content\"),r=0;r<s.length;r++)(t=(e=s[r]).getAttribute(\"data-secret\"))||(t=Math.random().toString(36).substring(2,12),e.src+=\"#?secret=\"+t,e.setAttribute(\"data-secret\",t)),e.contentWindow.postMessage({message:\"ready\",secret:t},\"*\")},!1)))}(window,document);\n\/\/# sourceURL=https:\/\/www.sadc-cae.ca\/wp-includes\/js\/wp-embed.min.js\n<\/script>\n","thumbnail_url":"https:\/\/www.sadc-cae.ca\/wp-content\/uploads\/2025\/11\/salonmetiers_2eedetion-scaled.jpg","thumbnail_width":2560,"thumbnail_height":1009,"description":"Montmagny, le 19 novembre 2025 \u2013 Fort du succ\u00e8s de la premi\u00e8re \u00e9dition, Le Centre d&rsquo;aide aux entreprises (CAE) Montmagny-L\u2019Islet, en partenariat avec le Carrefour jeunesse-emploi R\u00e9gion L\u2019Islet, le Carrefour R\u00e9gion Montmagny, le Centre d\u2019aide et de\u00a0recherche d\u2019emploi (CARE) Montmagny\u2013L\u2019Islet et le Centre de services scolaire de la C\u00f4te-du-Sud, est fier d\u2019annoncer la tenue de [&hellip;]"}